{"id":27107,"date":"2025-06-26T10:45:28","date_gmt":"2025-06-26T08:45:28","guid":{"rendered":"https:\/\/festival.praguepride.com\/?post_type=plnt_performer&#038;p=27107"},"modified":"2025-07-23T17:57:24","modified_gmt":"2025-07-23T15:57:24","slug":"pride-park","status":"publish","type":"plnt_performer","link":"https:\/\/festival.praguepride.com\/en\/ucinkujici\/pride-park\/","title":{"rendered":"Pride Park"},"content":{"rendered":"<div class=\"block\n  block--pride-lineup-interface\n  block--align-none\n      \">\n  \n<div class=\"lineup js-lineup-block\">\n\t\t\t\t\t\t\t\t\t\t\t\t\t\t\t\t\t\t\t\t\t\t\t\t\t\t<article class=\"lineup__item lineup__item--performer\">\n\n\t\n\t<div class=\"lineup__item-meta\">\n\t\t\t\t\t<div class=\"lineup__item-date\">\n\t\t\t\tSaturday 2\/8\n\t\t\t<\/div>\n\t\t\t\t<div class=\"lineup__item-time\">\n\t\t\t<span>13:00<\/span>\n\t\t\t<span class=\"lineup__item-time-sep\">&#8211;<\/span>\n\t\t\t<span>22:00<\/span>\n\t\t<\/div>\n\t\t<div class=\"lineup__item-location\">\n\t\t\t\t\t\t\t<a href=\"https:\/\/festival.praguepride.com\/en\/lokace\/pride-park\/\">Pride Park<\/a>\n\t\t\t\t\t<\/div>\n\t\t<div class=\"lineup__item-genre\">\n\t\t\t\t\t\t\t\t\t\tDiscussion, \n\t\t\t\t\t\t\tMeeting, \n\t\t\t\t\t\t\tMusic, \n\t\t\t\t\t\t\tParty, \n\t\t\t\t\t\t\tShow\n\t\t\t\t\t<\/div>\n\t\t<div class=\"lineup__item-lang\">\n\t\t\t\t\t\t\t\t\t\tCZ, \n\t\t\t\t\t\t\tEN\n\t\t\t\t\t<\/div>\n\t<\/div>\n<\/article>\n\t\t\t\t\t\t\t\t\t\t<\/div>\n\n<\/div>\n\n\n<div class=\"block\n  block--core-post-featured-image\n  block--align-none\n      \">\n  <figure class=\"wp-block-post-featured-image\"><img loading=\"lazy\" decoding=\"async\" width=\"1920\" height=\"1080\" src=\"https:\/\/festival.praguepride.com\/app\/uploads\/2025\/06\/pride-park-1920x1080-c-default.jpg\" class=\"attachment-large_crop size-large_crop wp-post-image\" alt=\"\" style=\"object-fit:cover;\" \/><figcaption class=\"u-fs--200 u-pt--200\"><\/figcaption><\/figure>\n<\/div>\n\n\n<div class=\"block\n  block--core-paragraph\n  block--align-none\n    u-pb--400  \">\n  \n<p>Letn\u00e1 will once again come alive with the vibrant rainbow program of Prague Pride starting at 2 pm. The grand finale in Pride Park will feature 6 stages packed with music, performances, and spoken word. Get ready for both international and Czech queer artists \u2013 and guess what? After ten years, <a href=\"https:\/\/festival.praguepride.com\/en\/ucinkujici\/aneta-langerova\/\">Aneta Langerov\u00e1<\/a> is making a&nbsp;comeback. It\u2019s gonna be huge!<\/p>\n\n<\/div>\n\n\n<div class=\"block\n  block--core-heading\n  block--align-none\n      \">\n  \n<h3 class=\"wp-block-heading\">What you\u2019ll find on the stages:<\/h3>\n\n<\/div>\n\n\n<div class=\"block\n  block--core-list\n  block--align-none\n      \">\n  \n<ul class=\"wp-block-list\"><div class=\"block\n  block--core-list-item\n  block--align-none\n      \">\n  \n<li><strong><a href=\"https:\/\/festival.praguepride.com\/en\/lokace\/red-stage\/\">Red Stage<\/a><\/strong> by Vodafone: Headliner lineup<\/li>\n\n<\/div>\n\n\n<div class=\"block\n  block--core-list-item\n  block--align-none\n      \">\n  \n<li><strong><a href=\"https:\/\/festival.praguepride.com\/en\/lokace\/yellow-stage\/\">Yellow Stage<\/a><\/strong>: Local DJs at Stalin<\/li>\n\n<\/div>\n\n\n<div class=\"block\n  block--core-list-item\n  block--align-none\n      \">\n  \n<li><strong><a href=\"https:\/\/festival.praguepride.com\/en\/lokace\/green-stage\/\">Green Stage<\/a><\/strong>: Queer talents from Germany<\/li>\n\n<\/div>\n\n\n<div class=\"block\n  block--core-list-item\n  block--align-none\n      \">\n  \n<li><strong><a href=\"https:\/\/festival.praguepride.com\/en\/lokace\/blue-stage\/\">Blue Stage<\/a><\/strong>: Energetic queer anthems from the \u201980s and \u201990s<\/li>\n\n<\/div>\n\n\n<div class=\"block\n  block--core-list-item\n  block--align-none\n      \">\n  \n<li><strong><a href=\"https:\/\/festival.praguepride.com\/en\/lokace\/purple-stage\/\">Purple Stage<\/a><\/strong>: Spoken word (stories, talk shows, slam poetry, even a&nbsp;queer-inclusive worship service)<\/li>\n\n<\/div>\n\n\n<div class=\"block\n  block--core-list-item\n  block--align-none\n      \">\n  \n<li><strong><a href=\"https:\/\/festival.praguepride.com\/en\/lokace\/pink-stage\/\">Pink Stage<\/a><\/strong>: Campfire stage with guitars<\/li>\n\n<\/div>\n<\/ul>\n\n<\/div>\n\n\n<div class=\"block\n  block--core-paragraph\n  block--align-none\n      \">\n  \n<p><em>Program subject to change.<\/em><\/p>\n\n<\/div>\n\n\n<div class=\"block\n  block--core-image\n  block--align-none\n      \">\n  \n<figure class=\"wp-block-image size-large\"><img decoding=\"async\" src=\"https:\/\/festival.praguepride.com\/app\/uploads\/2025\/07\/park-1920x0-c-default.jpg\" alt=\"\" class=\"wp-image-28196\"><\/figure>\n\n<\/div>\n\n\n<div class=\"block\n  block--core-paragraph\n  block--align-none\n      \">\n  \n<p>Wanna take something home? How about <strong>stylish merch<\/strong>, souvenirs from local stands, or simply good vibes from a&nbsp;picnic under the trees? If you\u2019re after a&nbsp;bit more comfort, the <strong>cozy <a href=\"https:\/\/festival.praguepride.com\/en\/vip-zone\/\">VIP zone<\/a><\/strong> is waiting for you.<\/p>\n\n<\/div>\n\n\n<div class=\"block\n  block--core-paragraph\n  block--align-none\n      \">\n  \n<p>You\u2019ll also find the <strong>JarmarQ<\/strong> of nonprofit organizations that are changing the world \u2013\u2060\u2060\u2060\u2060\u2060\u2060 and you can be part of it! Support them directly, maybe by signing a&nbsp;petition. Don\u2019t miss out on the virtual reality experience or the chance to learn some first aid.<\/p>\n\n<\/div>\n\n\n<div class=\"block\n  block--core-paragraph\n  block--align-none\n      \">\n  \n<p>As always, there will be free and anonymous testing for STIs and hepatitis B &amp; C. In the testing tent run by \u010cesk\u00e1 spole\u010dnost AIDS pomoc (the Czech AIDS Help Society), you\u2019ll find a&nbsp;friendly and supportive team ready to help you adjust your sexual wellness routine so you always feel safe. Not sure what really happened at that wild party six months ago? Never heard of U=U? Wondering if PrEP might be right for you? Get in line, darling!<\/p>\n\n<\/div>\n\n\n<div class=\"block\n  block--core-paragraph\n  block--align-none\n    u-pb--400  \">\n  \n<p><strong>Entrance fee <\/strong>&#8211; 200 CZK<\/p>\n\n<\/div>\n\n\n<div class=\"block\n  block--core-paragraph\n  block--align-none\n    u-pb--400  \">\n  \n<p>We\u2019ve set the admission price to make the event financially sustainable while keeping the burden on attendees as low as possible. Entry remains free for people with a&nbsp;disability card (ZTP\/P) and their assistants, for seniors over 65, and for children and youth under 15. A&nbsp;CZK 0 ticket is available for them on GoOut.cz.<\/p>\n\n<\/div>\n\n\n<div class=\"block\n  block--core-paragraph\n  block--align-none\n    u-pb--400  \">\n  \n<p><strong>Sale of Pride Park tickets ends with the event at 10:00pm.<\/strong><\/p>\n\n<\/div>\n\n\n<div class=\"block\n  block--acf-button-group\n  block--align-none\n  u-pt--400    \">\n  <div class=\"b-button-group b-button-group--whole\">\n            <a href=\"https:\/\/goout.net\/en\/tickets\/pride-park-2025\/jhffb\/\"\n         target=\"_blank\"\n         rel=\"noopener\"\n         class=\"b-button-group__button-wrap\">\n                <span class=\"b-button-group__button\">\n          Buy tickets\n        <\/span>\n      <\/a>\n      <\/div>\n\n<\/div>\n\n\n<div class=\"block\n  block--core-paragraph\n  block--align-none\n      \">\n  \n<p><strong>Accessibility<\/strong> &#8211; suitable also for teenagers, accessible with a&nbsp;dog, barrier-free<\/p>\n\n<\/div>\n\n\n<div class=\"block\n  block--core-paragraph\n  block--align-none\n      \">\n  \n<p><strong>Vibe check<\/strong> &#8211; large capacity event (more than 200 people, high possibility of physical contact), loud event, seating options, outdoors<\/p>\n\n<\/div>\n\n\n<div class=\"block\n  block--core-paragraph\n  block--align-none\n      \">\n  \n<p><strong>Trigger warnings<\/strong> &#8211; flashing lights<\/p>\n\n<\/div>\n\n\n<div class=\"block\n  block--core-paragraph\n  block--align-none\n      \">\n  \n<p><strong>Organized by<\/strong> &#8211; <strong>Prague Pride<\/strong><br>Prague Pride Festival is celebrating its 15th edition this year. The program features around two hundred events, ranging from lectures and discussions to sports, karaoke, and dance. Part of the program is designed and produced by the organizing team itself; the rest is curated by non-profit organizations, companies, and passionate individuals who contribute to creating one of the largest cultural events in the Czech Republic. The theme of Prague Pride Festival 2025 is \u201cWhere Is My Home?\u201d<\/p>\n\n<\/div>\n","protected":false},"excerpt":{"rendered":"<p>Letn\u00e1 will once again come alive with the vibrant rainbow program of Prague Pride starting at 2 pm. The grand finale in Pride Park will feature 6 stages packed with music, performances, and spoken word. Get ready for both international and Czech queer artists \u2013 and guess what? After ten years, Aneta Langerov\u00e1 is making [&hellip;]<\/p>\n","protected":false},"featured_media":27105,"parent":0,"menu_order":0,"template":"","genre":[49,39,53,38,48],"language":[37,25],"class_list":["post-27107","plnt_performer","type-plnt_performer","status-publish","has-post-thumbnail","hentry","genre-discussion","genre-meeting","genre-music","genre-party-en","genre-show-en","language-cz","language-eng"],"acf":[],"yoast_head":"<!-- This site is optimized with the Yoast SEO plugin v27.3 - https:\/\/yoast.com\/product\/yoast-seo-wordpress\/ -->\n<title>Prague Pride Festival<\/title>\n<meta name=\"robots\" content=\"index, follow, max-snippet:-1, max-image-preview:large, max-video-preview:-1\" \/>\n<link rel=\"canonical\" href=\"https:\/\/festival.praguepride.com\/en\/ucinkujici\/pride-park\/\" \/>\n<meta property=\"og:locale\" content=\"en_US\" \/>\n<meta property=\"og:type\" content=\"article\" \/>\n<meta property=\"og:site_name\" content=\"Prague Pride Festival\" \/>\n<meta property=\"article:publisher\" content=\"https:\/\/www.facebook.com\/PraguePrideCZ\" \/>\n<meta property=\"article:modified_time\" content=\"2025-07-23T15:57:24+00:00\" \/>\n<meta property=\"og:image\" content=\"https:\/\/festival.praguepride.com\/app\/uploads\/2025\/06\/pride-park.jpg\" \/>\n\t<meta property=\"og:image:width\" content=\"1920\" \/>\n\t<meta property=\"og:image:height\" content=\"1282\" \/>\n\t<meta property=\"og:image:type\" content=\"image\/jpeg\" \/>\n<meta name=\"twitter:card\" content=\"summary_large_image\" \/>\n<meta name=\"twitter:site\" content=\"@praguepride\" \/>\n<script type=\"application\/ld+json\" class=\"yoast-schema-graph\">{\"@context\":\"https:\\\/\\\/schema.org\",\"@graph\":[{\"@type\":\"WebPage\",\"@id\":\"https:\\\/\\\/festival.praguepride.com\\\/en\\\/ucinkujici\\\/pride-park\\\/\",\"url\":\"https:\\\/\\\/festival.praguepride.com\\\/en\\\/ucinkujici\\\/pride-park\\\/\",\"name\":\"Pride Park | Prague Pride Festival\",\"isPartOf\":{\"@id\":\"https:\\\/\\\/festival.praguepride.com\\\/en\\\/#website\"},\"primaryImageOfPage\":{\"@id\":\"https:\\\/\\\/festival.praguepride.com\\\/en\\\/ucinkujici\\\/pride-park\\\/#primaryimage\"},\"image\":{\"@id\":\"https:\\\/\\\/festival.praguepride.com\\\/en\\\/ucinkujici\\\/pride-park\\\/#primaryimage\"},\"thumbnailUrl\":\"https:\\\/\\\/festival.praguepride.com\\\/app\\\/uploads\\\/2025\\\/06\\\/pride-park.jpg\",\"datePublished\":\"2025-06-26T08:45:28+00:00\",\"dateModified\":\"2025-07-23T15:57:24+00:00\",\"breadcrumb\":{\"@id\":\"https:\\\/\\\/festival.praguepride.com\\\/en\\\/ucinkujici\\\/pride-park\\\/#breadcrumb\"},\"inLanguage\":\"en-US\",\"potentialAction\":[{\"@type\":\"ReadAction\",\"target\":[\"https:\\\/\\\/festival.praguepride.com\\\/en\\\/ucinkujici\\\/pride-park\\\/\"]}]},{\"@type\":\"ImageObject\",\"inLanguage\":\"en-US\",\"@id\":\"https:\\\/\\\/festival.praguepride.com\\\/en\\\/ucinkujici\\\/pride-park\\\/#primaryimage\",\"url\":\"https:\\\/\\\/festival.praguepride.com\\\/app\\\/uploads\\\/2025\\\/06\\\/pride-park.jpg\",\"contentUrl\":\"https:\\\/\\\/festival.praguepride.com\\\/app\\\/uploads\\\/2025\\\/06\\\/pride-park.jpg\",\"width\":1920,\"height\":1282},{\"@type\":\"BreadcrumbList\",\"@id\":\"https:\\\/\\\/festival.praguepride.com\\\/en\\\/ucinkujici\\\/pride-park\\\/#breadcrumb\",\"itemListElement\":[{\"@type\":\"ListItem\",\"position\":1,\"name\":\"Home\",\"item\":\"https:\\\/\\\/festival.praguepride.com\\\/en\\\/\"},{\"@type\":\"ListItem\",\"position\":2,\"name\":\"Pride Park\"}]},{\"@type\":\"WebSite\",\"@id\":\"https:\\\/\\\/festival.praguepride.com\\\/en\\\/#website\",\"url\":\"https:\\\/\\\/festival.praguepride.com\\\/en\\\/\",\"name\":\"Prague Pride Festival\",\"description\":\"3\\\/8 - 9\\\/8\\\/2026\",\"publisher\":{\"@id\":\"https:\\\/\\\/festival.praguepride.com\\\/en\\\/#organization\"},\"potentialAction\":[{\"@type\":\"SearchAction\",\"target\":{\"@type\":\"EntryPoint\",\"urlTemplate\":\"https:\\\/\\\/festival.praguepride.com\\\/en\\\/?s={search_term_string}\"},\"query-input\":{\"@type\":\"PropertyValueSpecification\",\"valueRequired\":true,\"valueName\":\"search_term_string\"}}],\"inLanguage\":\"en-US\"},{\"@type\":\"Organization\",\"@id\":\"https:\\\/\\\/festival.praguepride.com\\\/en\\\/#organization\",\"name\":\"Prague Pride Festival\",\"url\":\"https:\\\/\\\/festival.praguepride.com\\\/en\\\/\",\"logo\":{\"@type\":\"ImageObject\",\"inLanguage\":\"en-US\",\"@id\":\"https:\\\/\\\/festival.praguepride.com\\\/en\\\/#\\\/schema\\\/logo\\\/image\\\/\",\"url\":\"https:\\\/\\\/festival.praguepride.com\\\/app\\\/uploads\\\/2022\\\/06\\\/favicon.png\",\"contentUrl\":\"https:\\\/\\\/festival.praguepride.com\\\/app\\\/uploads\\\/2022\\\/06\\\/favicon.png\",\"width\":512,\"height\":512,\"caption\":\"Prague Pride Festival\"},\"image\":{\"@id\":\"https:\\\/\\\/festival.praguepride.com\\\/en\\\/#\\\/schema\\\/logo\\\/image\\\/\"},\"sameAs\":[\"https:\\\/\\\/www.facebook.com\\\/PraguePrideCZ\",\"https:\\\/\\\/x.com\\\/praguepride\",\"https:\\\/\\\/www.instagram.com\\\/prague.pride\\\/\",\"https:\\\/\\\/www.linkedin.com\\\/company\\\/prague-pride-o.s.\\\/\"]}]}<\/script>\n<!-- \/ Yoast SEO plugin. -->","yoast_head_json":{"title":"Prague Pride Festival","robots":{"index":"index","follow":"follow","max-snippet":"max-snippet:-1","max-image-preview":"max-image-preview:large","max-video-preview":"max-video-preview:-1"},"canonical":"https:\/\/festival.praguepride.com\/en\/ucinkujici\/pride-park\/","og_locale":"en_US","og_type":"article","og_site_name":"Prague Pride Festival","article_publisher":"https:\/\/www.facebook.com\/PraguePrideCZ","article_modified_time":"2025-07-23T15:57:24+00:00","og_image":[{"width":1920,"height":1282,"url":"https:\/\/festival.praguepride.com\/app\/uploads\/2025\/06\/pride-park.jpg","type":"image\/jpeg"}],"twitter_card":"summary_large_image","twitter_site":"@praguepride","schema":{"@context":"https:\/\/schema.org","@graph":[{"@type":"WebPage","@id":"https:\/\/festival.praguepride.com\/en\/ucinkujici\/pride-park\/","url":"https:\/\/festival.praguepride.com\/en\/ucinkujici\/pride-park\/","name":"Pride Park | Prague Pride Festival","isPartOf":{"@id":"https:\/\/festival.praguepride.com\/en\/#website"},"primaryImageOfPage":{"@id":"https:\/\/festival.praguepride.com\/en\/ucinkujici\/pride-park\/#primaryimage"},"image":{"@id":"https:\/\/festival.praguepride.com\/en\/ucinkujici\/pride-park\/#primaryimage"},"thumbnailUrl":"https:\/\/festival.praguepride.com\/app\/uploads\/2025\/06\/pride-park.jpg","datePublished":"2025-06-26T08:45:28+00:00","dateModified":"2025-07-23T15:57:24+00:00","breadcrumb":{"@id":"https:\/\/festival.praguepride.com\/en\/ucinkujici\/pride-park\/#breadcrumb"},"inLanguage":"en-US","potentialAction":[{"@type":"ReadAction","target":["https:\/\/festival.praguepride.com\/en\/ucinkujici\/pride-park\/"]}]},{"@type":"ImageObject","inLanguage":"en-US","@id":"https:\/\/festival.praguepride.com\/en\/ucinkujici\/pride-park\/#primaryimage","url":"https:\/\/festival.praguepride.com\/app\/uploads\/2025\/06\/pride-park.jpg","contentUrl":"https:\/\/festival.praguepride.com\/app\/uploads\/2025\/06\/pride-park.jpg","width":1920,"height":1282},{"@type":"BreadcrumbList","@id":"https:\/\/festival.praguepride.com\/en\/ucinkujici\/pride-park\/#breadcrumb","itemListElement":[{"@type":"ListItem","position":1,"name":"Home","item":"https:\/\/festival.praguepride.com\/en\/"},{"@type":"ListItem","position":2,"name":"Pride Park"}]},{"@type":"WebSite","@id":"https:\/\/festival.praguepride.com\/en\/#website","url":"https:\/\/festival.praguepride.com\/en\/","name":"Prague Pride Festival","description":"3\/8 - 9\/8\/2026","publisher":{"@id":"https:\/\/festival.praguepride.com\/en\/#organization"},"potentialAction":[{"@type":"SearchAction","target":{"@type":"EntryPoint","urlTemplate":"https:\/\/festival.praguepride.com\/en\/?s={search_term_string}"},"query-input":{"@type":"PropertyValueSpecification","valueRequired":true,"valueName":"search_term_string"}}],"inLanguage":"en-US"},{"@type":"Organization","@id":"https:\/\/festival.praguepride.com\/en\/#organization","name":"Prague Pride Festival","url":"https:\/\/festival.praguepride.com\/en\/","logo":{"@type":"ImageObject","inLanguage":"en-US","@id":"https:\/\/festival.praguepride.com\/en\/#\/schema\/logo\/image\/","url":"https:\/\/festival.praguepride.com\/app\/uploads\/2022\/06\/favicon.png","contentUrl":"https:\/\/festival.praguepride.com\/app\/uploads\/2022\/06\/favicon.png","width":512,"height":512,"caption":"Prague Pride Festival"},"image":{"@id":"https:\/\/festival.praguepride.com\/en\/#\/schema\/logo\/image\/"},"sameAs":["https:\/\/www.facebook.com\/PraguePrideCZ","https:\/\/x.com\/praguepride","https:\/\/www.instagram.com\/prague.pride\/","https:\/\/www.linkedin.com\/company\/prague-pride-o.s.\/"]}]}},"_links":{"self":[{"href":"https:\/\/festival.praguepride.com\/en\/wp-json\/wp\/v2\/plnt_performer\/27107","targetHints":{"allow":["GET"]}}],"collection":[{"href":"https:\/\/festival.praguepride.com\/en\/wp-json\/wp\/v2\/plnt_performer"}],"about":[{"href":"https:\/\/festival.praguepride.com\/en\/wp-json\/wp\/v2\/types\/plnt_performer"}],"wp:featuredmedia":[{"embeddable":true,"href":"https:\/\/festival.praguepride.com\/en\/wp-json\/wp\/v2\/media\/27105"}],"wp:attachment":[{"href":"https:\/\/festival.praguepride.com\/en\/wp-json\/wp\/v2\/media?parent=27107"}],"wp:term":[{"taxonomy":"genre","embeddable":true,"href":"https:\/\/festival.praguepride.com\/en\/wp-json\/wp\/v2\/genre?post=27107"},{"taxonomy":"language","embeddable":true,"href":"https:\/\/festival.praguepride.com\/en\/wp-json\/wp\/v2\/language?post=27107"}],"curies":[{"name":"wp","href":"https:\/\/api.w.org\/{rel}","templated":true}]}}