{"id":11207,"date":"2023-07-28T15:09:35","date_gmt":"2023-07-28T13:09:35","guid":{"rendered":"https:\/\/festival.praguepride.com\/?post_type=plnt_location&#038;p=11207"},"modified":"2025-07-07T10:21:38","modified_gmt":"2025-07-07T08:21:38","slug":"yellow-stage","status":"publish","type":"plnt_location","link":"https:\/\/festival.praguepride.com\/en\/lokace\/yellow-stage\/","title":{"rendered":"Pride Park &#8211; Yellow Stage"},"content":{"rendered":"<div class=\"block\n  block--core-paragraph\n  block--align-none\n      \">\n  \n<p><a href=\"https:\/\/festival.praguepride.com\/en\/lokace\/pride-park\/\">PRIDE PARK<\/a><br><strong>Stalin on Letn\u00e1, n\u00e1b\u0159. E. Bene\u0161e, 118&nbsp;00 Praha 7-Letn\u00e1<\/strong><\/p>\n\n<\/div>\n\n\n<div class=\"block\n  block--core-post-featured-image\n  block--align-none\n      \">\n  <figure class=\"wp-block-post-featured-image\"><img loading=\"lazy\" decoding=\"async\" width=\"1920\" height=\"1080\" src=\"https:\/\/festival.praguepride.com\/app\/uploads\/2025\/06\/YellowStage_MatousMichalko-8-1920x1080-c-default.jpg\" class=\"attachment-large_crop size-large_crop wp-post-image\" alt=\"\" style=\"object-fit:cover;\" \/><figcaption class=\"u-fs--200 u-pt--200\"><\/figcaption><\/figure>\n<\/div>\n\n\n<div class=\"block\n  block--core-paragraph\n  block--align-none\n      \">\n  \n<p>Just like in previous years, you&#8217;ll find the Yellow Stage back at Stalin \u2013 and it\u2019s ready to serve! Get ready for a&nbsp;colorful ride through today\u2019s cutting-edge club sounds, delivered by a&nbsp;lineup full of fierce and talented DJs.<\/p>\n\n<\/div>\n\n\n<div class=\"block\n  block--core-paragraph\n  block--align-none\n      \">\n  \n<p>Ukrainian duo <strong>Killa Selfie<\/strong> will hit the decks with their bold fusion of electro, breakbeat, grime, juke, and techno. Groovy techno vibes will be provided by <strong>DJ Zazitech<\/strong>, a&nbsp;familiar face from Fuchs 2 parties. Then get ready for a&nbsp;proper liquid drum and bass session from <strong>ASCENDER<\/strong> and <strong>Vertigo<\/strong>, representing Prague\u2019s own RAVERZZ crew. And don\u2019t miss the emotional, high-energy set from another RAVERZZ force \u2013 <strong>Binballer<\/strong>, who\u2019s ready to shake up the dancefloor with fire and feeling. A&nbsp;dynamic end to the night comes straight from Switzerland\u2019s biggest city, brought to you by the artist <strong>Dasha<\/strong>.<\/p>\n\n<\/div>\n\n\n<div class=\"block\n  block--core-paragraph\n  block--align-none\n      \">\n  \n<p><strong>Accessibility<\/strong> \u2013 suitable also for teenagers, accessible with a&nbsp;dog, barrier-free<\/p>\n\n<\/div>\n\n\n<div class=\"block\n  block--core-paragraph\n  block--align-none\n      \">\n  \n<p><strong>Vibe check<\/strong> \u2013 large capacity event (more than 200 people, high possibility of physical contact), loud event, outdoors<\/p>\n\n<\/div>\n\n\n<div class=\"block\n  block--core-paragraph\n  block--align-none\n      \">\n  \n<p><strong>Trigger warnings<\/strong> \u2013 flashing lights<\/p>\n\n<\/div>\n\n\n<div class=\"block\n  block--core-paragraph\n  block--align-none\n      \">\n  \n<p><strong>Organized by<\/strong> \u2013 <strong>Prague Pride<\/strong><br>Prague Pride Festival is celebrating its 15th edition this year. The program features around two hundred events, ranging from lectures and discussions to sports, karaoke, and dance. Part of the program is designed and produced by the organizing team itself; the rest is curated by non-profit organizations, companies, and passionate individuals who contribute to creating one of the largest cultural events in the Czech Republic. The theme of Prague Pride Festival 2025 is \u201cWhere Is My Home?\u201d<\/p>\n\n<\/div>\n\n\n<div class=\"block\n  block--pride-lineup-interface\n  block--align-none\n      \">\n  \n<div class=\"lineup js-lineup-block\">\n\t\t\t\t\t\t\t<section class=\"lineup__section u-mb--600\">\n\t\t\t\t<h2 class=\"h1 u-mb--500\">Saturday 2\/8<\/h2>\n\t\t\t\t\t\t\t\t\t\t\t\t\t\t\t\t\t\t\t\t\t\t\t\t\t\t\t<article class=\"lineup__item lineup__item--location\">\n\n\t\t\t<div class=\"lineup__item-performer\">\n\t\t\t<a href=\"https:\/\/festival.praguepride.com\/en\/ucinkujici\/killa-selfie\/\">Killa Selfie<\/a>\n\t\t<\/div>\n\t\n\t<div class=\"lineup__item-meta\">\n\t\t\t\t<div class=\"lineup__item-time\">\n\t\t\t<span>14:00<\/span>\n\t\t\t<span class=\"lineup__item-time-sep\">&#8211;<\/span>\n\t\t\t<span>15:30<\/span>\n\t\t<\/div>\n\t\t<div class=\"lineup__item-location\">\n\t\t\t\t\t<\/div>\n\t\t<div class=\"lineup__item-genre\">\n\t\t\t\t\t\t\t\t\t\tMusic\n\t\t\t\t\t<\/div>\n\t\t<div class=\"lineup__item-lang\">\n\t\t\t\t\t\t\t\t\t\tCZ, \n\t\t\t\t\t\t\tEN\n\t\t\t\t\t<\/div>\n\t<\/div>\n<\/article>\n\t\t\t\t\t\t\t\t\t\t\t\t\t\t\t\t\t\t\t\t\t\t\t\t\t\t\t\t\t\t\t\t<article class=\"lineup__item lineup__item--location\">\n\n\t\t\t<div class=\"lineup__item-performer\">\n\t\t\t<a href=\"https:\/\/festival.praguepride.com\/en\/ucinkujici\/zazitech\/\">Zazitech<\/a>\n\t\t<\/div>\n\t\n\t<div class=\"lineup__item-meta\">\n\t\t\t\t<div class=\"lineup__item-time\">\n\t\t\t<span>15:30<\/span>\n\t\t\t<span class=\"lineup__item-time-sep\">&#8211;<\/span>\n\t\t\t<span>17:30<\/span>\n\t\t<\/div>\n\t\t<div class=\"lineup__item-location\">\n\t\t\t\t\t<\/div>\n\t\t<div class=\"lineup__item-genre\">\n\t\t\t\t\t\t\t\t\t\tMusic\n\t\t\t\t\t<\/div>\n\t\t<div class=\"lineup__item-lang\">\n\t\t\t\t\t\t\t\t\t\tCZ, \n\t\t\t\t\t\t\tEN\n\t\t\t\t\t<\/div>\n\t<\/div>\n<\/article>\n\t\t\t\t\t\t\t\t\t\t\t\t\t\t\t\t\t\t\t\t\t\t\t\t\t\t\t\t\t\t\t\t<article class=\"lineup__item lineup__item--location\">\n\n\t\t\t<div class=\"lineup__item-performer\">\n\t\t\t<a href=\"https:\/\/festival.praguepride.com\/en\/ucinkujici\/ascender-binballer-vertigo\/\">Ascender &amp; Binballer &amp; Vertigo<\/a>\n\t\t<\/div>\n\t\n\t<div class=\"lineup__item-meta\">\n\t\t\t\t<div class=\"lineup__item-time\">\n\t\t\t<span>17:30<\/span>\n\t\t\t<span class=\"lineup__item-time-sep\">&#8211;<\/span>\n\t\t\t<span>20:00<\/span>\n\t\t<\/div>\n\t\t<div class=\"lineup__item-location\">\n\t\t\t\t\t<\/div>\n\t\t<div class=\"lineup__item-genre\">\n\t\t\t\t\t\t\t\t\t\tMusic\n\t\t\t\t\t<\/div>\n\t\t<div class=\"lineup__item-lang\">\n\t\t\t\t\t\t\t\t\t\tCZ, \n\t\t\t\t\t\t\tEN\n\t\t\t\t\t<\/div>\n\t<\/div>\n<\/article>\n\t\t\t\t\t\t\t\t\t\t\t\t\t\t\t\t\t\t\t\t\t\t\t\t\t\t\t\t\t\t\t\t<article class=\"lineup__item lineup__item--location\">\n\n\t\t\t<div class=\"lineup__item-performer\">\n\t\t\t<a href=\"https:\/\/festival.praguepride.com\/en\/ucinkujici\/dasha\/\">Dasha<\/a>\n\t\t<\/div>\n\t\n\t<div class=\"lineup__item-meta\">\n\t\t\t\t<div class=\"lineup__item-time\">\n\t\t\t<span>20:00<\/span>\n\t\t\t<span class=\"lineup__item-time-sep\">&#8211;<\/span>\n\t\t\t<span>22:00<\/span>\n\t\t<\/div>\n\t\t<div class=\"lineup__item-location\">\n\t\t\t\t\t<\/div>\n\t\t<div class=\"lineup__item-genre\">\n\t\t\t\t\t\t\t\t\t\tMusic\n\t\t\t\t\t<\/div>\n\t\t<div class=\"lineup__item-lang\">\n\t\t\t\t\t\t\t\t\t\tCZ, \n\t\t\t\t\t\t\tEN\n\t\t\t\t\t<\/div>\n\t<\/div>\n<\/article>\n\t\t\t\t\t\t\t\t\t\t\t\t<\/section>\n\t\t\t<\/div>\n\n<\/div>\n","protected":false},"featured_media":27101,"parent":0,"menu_order":12,"template":"","class_list":["post-11207","plnt_location","type-plnt_location","status-publish","has-post-thumbnail","hentry"],"acf":[],"yoast_head":"<!-- This site is optimized with the Yoast SEO plugin v27.3 - https:\/\/yoast.com\/product\/yoast-seo-wordpress\/ -->\n<title>Prague Pride Festival<\/title>\n<meta name=\"robots\" content=\"index, follow, max-snippet:-1, max-image-preview:large, max-video-preview:-1\" \/>\n<link rel=\"canonical\" href=\"https:\/\/festival.praguepride.com\/en\/lokace\/yellow-stage\/\" \/>\n<meta property=\"og:locale\" content=\"en_US\" \/>\n<meta property=\"og:type\" content=\"article\" \/>\n<meta property=\"og:site_name\" content=\"Prague Pride Festival\" \/>\n<meta property=\"article:publisher\" content=\"https:\/\/www.facebook.com\/PraguePrideCZ\" \/>\n<meta property=\"article:modified_time\" content=\"2025-07-07T08:21:38+00:00\" \/>\n<meta property=\"og:image\" content=\"https:\/\/festival.praguepride.com\/app\/uploads\/2025\/06\/YellowStage_MatousMichalko-8.jpg\" \/>\n\t<meta property=\"og:image:width\" content=\"1920\" \/>\n\t<meta property=\"og:image:height\" content=\"1088\" \/>\n\t<meta property=\"og:image:type\" content=\"image\/jpeg\" \/>\n<meta name=\"twitter:card\" content=\"summary_large_image\" \/>\n<meta name=\"twitter:site\" content=\"@praguepride\" \/>\n<script type=\"application\/ld+json\" class=\"yoast-schema-graph\">{\"@context\":\"https:\\\/\\\/schema.org\",\"@graph\":[{\"@type\":\"WebPage\",\"@id\":\"https:\\\/\\\/festival.praguepride.com\\\/en\\\/lokace\\\/yellow-stage\\\/\",\"url\":\"https:\\\/\\\/festival.praguepride.com\\\/en\\\/lokace\\\/yellow-stage\\\/\",\"name\":\"Pride Park - Yellow Stage | Prague Pride Festival\",\"isPartOf\":{\"@id\":\"https:\\\/\\\/festival.praguepride.com\\\/en\\\/#website\"},\"primaryImageOfPage\":{\"@id\":\"https:\\\/\\\/festival.praguepride.com\\\/en\\\/lokace\\\/yellow-stage\\\/#primaryimage\"},\"image\":{\"@id\":\"https:\\\/\\\/festival.praguepride.com\\\/en\\\/lokace\\\/yellow-stage\\\/#primaryimage\"},\"thumbnailUrl\":\"https:\\\/\\\/festival.praguepride.com\\\/app\\\/uploads\\\/2025\\\/06\\\/YellowStage_MatousMichalko-8.jpg\",\"datePublished\":\"2023-07-28T13:09:35+00:00\",\"dateModified\":\"2025-07-07T08:21:38+00:00\",\"breadcrumb\":{\"@id\":\"https:\\\/\\\/festival.praguepride.com\\\/en\\\/lokace\\\/yellow-stage\\\/#breadcrumb\"},\"inLanguage\":\"en-US\",\"potentialAction\":[{\"@type\":\"ReadAction\",\"target\":[\"https:\\\/\\\/festival.praguepride.com\\\/en\\\/lokace\\\/yellow-stage\\\/\"]}]},{\"@type\":\"ImageObject\",\"inLanguage\":\"en-US\",\"@id\":\"https:\\\/\\\/festival.praguepride.com\\\/en\\\/lokace\\\/yellow-stage\\\/#primaryimage\",\"url\":\"https:\\\/\\\/festival.praguepride.com\\\/app\\\/uploads\\\/2025\\\/06\\\/YellowStage_MatousMichalko-8.jpg\",\"contentUrl\":\"https:\\\/\\\/festival.praguepride.com\\\/app\\\/uploads\\\/2025\\\/06\\\/YellowStage_MatousMichalko-8.jpg\",\"width\":1920,\"height\":1088},{\"@type\":\"BreadcrumbList\",\"@id\":\"https:\\\/\\\/festival.praguepride.com\\\/en\\\/lokace\\\/yellow-stage\\\/#breadcrumb\",\"itemListElement\":[{\"@type\":\"ListItem\",\"position\":1,\"name\":\"Home\",\"item\":\"https:\\\/\\\/festival.praguepride.com\\\/en\\\/\"},{\"@type\":\"ListItem\",\"position\":2,\"name\":\"Pride Park &#8211; Yellow Stage\"}]},{\"@type\":\"WebSite\",\"@id\":\"https:\\\/\\\/festival.praguepride.com\\\/en\\\/#website\",\"url\":\"https:\\\/\\\/festival.praguepride.com\\\/en\\\/\",\"name\":\"Prague Pride Festival\",\"description\":\"3\\\/8 - 9\\\/8\\\/2026\",\"publisher\":{\"@id\":\"https:\\\/\\\/festival.praguepride.com\\\/en\\\/#organization\"},\"potentialAction\":[{\"@type\":\"SearchAction\",\"target\":{\"@type\":\"EntryPoint\",\"urlTemplate\":\"https:\\\/\\\/festival.praguepride.com\\\/en\\\/?s={search_term_string}\"},\"query-input\":{\"@type\":\"PropertyValueSpecification\",\"valueRequired\":true,\"valueName\":\"search_term_string\"}}],\"inLanguage\":\"en-US\"},{\"@type\":\"Organization\",\"@id\":\"https:\\\/\\\/festival.praguepride.com\\\/en\\\/#organization\",\"name\":\"Prague Pride Festival\",\"url\":\"https:\\\/\\\/festival.praguepride.com\\\/en\\\/\",\"logo\":{\"@type\":\"ImageObject\",\"inLanguage\":\"en-US\",\"@id\":\"https:\\\/\\\/festival.praguepride.com\\\/en\\\/#\\\/schema\\\/logo\\\/image\\\/\",\"url\":\"https:\\\/\\\/festival.praguepride.com\\\/app\\\/uploads\\\/2022\\\/06\\\/favicon.png\",\"contentUrl\":\"https:\\\/\\\/festival.praguepride.com\\\/app\\\/uploads\\\/2022\\\/06\\\/favicon.png\",\"width\":512,\"height\":512,\"caption\":\"Prague Pride Festival\"},\"image\":{\"@id\":\"https:\\\/\\\/festival.praguepride.com\\\/en\\\/#\\\/schema\\\/logo\\\/image\\\/\"},\"sameAs\":[\"https:\\\/\\\/www.facebook.com\\\/PraguePrideCZ\",\"https:\\\/\\\/x.com\\\/praguepride\",\"https:\\\/\\\/www.instagram.com\\\/prague.pride\\\/\",\"https:\\\/\\\/www.linkedin.com\\\/company\\\/prague-pride-o.s.\\\/\"]}]}<\/script>\n<!-- \/ Yoast SEO plugin. -->","yoast_head_json":{"title":"Prague Pride Festival","robots":{"index":"index","follow":"follow","max-snippet":"max-snippet:-1","max-image-preview":"max-image-preview:large","max-video-preview":"max-video-preview:-1"},"canonical":"https:\/\/festival.praguepride.com\/en\/lokace\/yellow-stage\/","og_locale":"en_US","og_type":"article","og_site_name":"Prague Pride Festival","article_publisher":"https:\/\/www.facebook.com\/PraguePrideCZ","article_modified_time":"2025-07-07T08:21:38+00:00","og_image":[{"width":1920,"height":1088,"url":"https:\/\/festival.praguepride.com\/app\/uploads\/2025\/06\/YellowStage_MatousMichalko-8.jpg","type":"image\/jpeg"}],"twitter_card":"summary_large_image","twitter_site":"@praguepride","schema":{"@context":"https:\/\/schema.org","@graph":[{"@type":"WebPage","@id":"https:\/\/festival.praguepride.com\/en\/lokace\/yellow-stage\/","url":"https:\/\/festival.praguepride.com\/en\/lokace\/yellow-stage\/","name":"Pride Park - Yellow Stage | Prague Pride Festival","isPartOf":{"@id":"https:\/\/festival.praguepride.com\/en\/#website"},"primaryImageOfPage":{"@id":"https:\/\/festival.praguepride.com\/en\/lokace\/yellow-stage\/#primaryimage"},"image":{"@id":"https:\/\/festival.praguepride.com\/en\/lokace\/yellow-stage\/#primaryimage"},"thumbnailUrl":"https:\/\/festival.praguepride.com\/app\/uploads\/2025\/06\/YellowStage_MatousMichalko-8.jpg","datePublished":"2023-07-28T13:09:35+00:00","dateModified":"2025-07-07T08:21:38+00:00","breadcrumb":{"@id":"https:\/\/festival.praguepride.com\/en\/lokace\/yellow-stage\/#breadcrumb"},"inLanguage":"en-US","potentialAction":[{"@type":"ReadAction","target":["https:\/\/festival.praguepride.com\/en\/lokace\/yellow-stage\/"]}]},{"@type":"ImageObject","inLanguage":"en-US","@id":"https:\/\/festival.praguepride.com\/en\/lokace\/yellow-stage\/#primaryimage","url":"https:\/\/festival.praguepride.com\/app\/uploads\/2025\/06\/YellowStage_MatousMichalko-8.jpg","contentUrl":"https:\/\/festival.praguepride.com\/app\/uploads\/2025\/06\/YellowStage_MatousMichalko-8.jpg","width":1920,"height":1088},{"@type":"BreadcrumbList","@id":"https:\/\/festival.praguepride.com\/en\/lokace\/yellow-stage\/#breadcrumb","itemListElement":[{"@type":"ListItem","position":1,"name":"Home","item":"https:\/\/festival.praguepride.com\/en\/"},{"@type":"ListItem","position":2,"name":"Pride Park &#8211; Yellow Stage"}]},{"@type":"WebSite","@id":"https:\/\/festival.praguepride.com\/en\/#website","url":"https:\/\/festival.praguepride.com\/en\/","name":"Prague Pride Festival","description":"3\/8 - 9\/8\/2026","publisher":{"@id":"https:\/\/festival.praguepride.com\/en\/#organization"},"potentialAction":[{"@type":"SearchAction","target":{"@type":"EntryPoint","urlTemplate":"https:\/\/festival.praguepride.com\/en\/?s={search_term_string}"},"query-input":{"@type":"PropertyValueSpecification","valueRequired":true,"valueName":"search_term_string"}}],"inLanguage":"en-US"},{"@type":"Organization","@id":"https:\/\/festival.praguepride.com\/en\/#organization","name":"Prague Pride Festival","url":"https:\/\/festival.praguepride.com\/en\/","logo":{"@type":"ImageObject","inLanguage":"en-US","@id":"https:\/\/festival.praguepride.com\/en\/#\/schema\/logo\/image\/","url":"https:\/\/festival.praguepride.com\/app\/uploads\/2022\/06\/favicon.png","contentUrl":"https:\/\/festival.praguepride.com\/app\/uploads\/2022\/06\/favicon.png","width":512,"height":512,"caption":"Prague Pride Festival"},"image":{"@id":"https:\/\/festival.praguepride.com\/en\/#\/schema\/logo\/image\/"},"sameAs":["https:\/\/www.facebook.com\/PraguePrideCZ","https:\/\/x.com\/praguepride","https:\/\/www.instagram.com\/prague.pride\/","https:\/\/www.linkedin.com\/company\/prague-pride-o.s.\/"]}]}},"_links":{"self":[{"href":"https:\/\/festival.praguepride.com\/en\/wp-json\/wp\/v2\/plnt_location\/11207","targetHints":{"allow":["GET"]}}],"collection":[{"href":"https:\/\/festival.praguepride.com\/en\/wp-json\/wp\/v2\/plnt_location"}],"about":[{"href":"https:\/\/festival.praguepride.com\/en\/wp-json\/wp\/v2\/types\/plnt_location"}],"wp:featuredmedia":[{"embeddable":true,"href":"https:\/\/festival.praguepride.com\/en\/wp-json\/wp\/v2\/media\/27101"}],"wp:attachment":[{"href":"https:\/\/festival.praguepride.com\/en\/wp-json\/wp\/v2\/media?parent=11207"}],"curies":[{"name":"wp","href":"https:\/\/api.w.org\/{rel}","templated":true}]}}